{"id":11626,"date":"2018-12-17T11:08:02","date_gmt":"2018-12-17T11:08:02","guid":{"rendered":"https:\/\/gestiplac.cat\/qui-som-gestiplac\/"},"modified":"2023-03-27T10:05:07","modified_gmt":"2023-03-27T10:05:07","slug":"quienes-somos-gestiplac","status":"publish","type":"page","link":"https:\/\/www.gestiplac.cat\/es\/quienes-somos-gestiplac\/","title":{"rendered":"Qui\u00e9nes somos?"},"content":{"rendered":"<div class=\"wpb-content-wrapper\"><p>[vc_row row_content_width=\u00bbgrid\u00bb row_btt_skin=\u00bblight\u00bb row_background_text_position=\u00bbfront\u00bb][vc_column][vc_empty_space height=\u00bb125px\u00bb][vc_column_text]<\/p>\n<h1>Gestiplac<\/h1>\n<h4>Empresa especializada en sistemas de construcci\u00f3n seca a base de yeso laminado, instalaci\u00f3n de cielos rasos, aislamientos t\u00e9rmicos, ac\u00fasticos y soluciones de protecci\u00f3n pasiva contra el fuego.<\/h4>\n<p>.[\/vc_column_text][vc_empty_space height=\u00bb24px\u00bb][vc_row_inner][vc_column_inner width=\u00bb1\/2&#8243;][vc_column_text]<strong>Creada el 2014<\/strong>, estemos capacitados para <strong>construir tu proyecto<\/strong>, junto con un equipo formado por <strong>personal t\u00e9cnico altamente calificado<\/strong>, con gran experiencia en todo tipo de construcciones.<\/p>\n<p>El principal objetivo de <strong>Gestiplac,<\/strong> \u00e9s conseguir la <strong>plena satisfacci\u00f3n de nuestros clientes<\/strong> aportando una <strong>buena planificaci\u00f3n<\/strong> para poder cumplir con los terminios de ejecuci\u00f3n, sin dejar de lado la <strong>calidad i \u00e9tica en los trabajos.<\/strong><\/p>\n<p><strong>\u00c9tica, compromiso, esfuerzo, constancia, competitividad y calidad<\/strong> , son mucho m\u00e1s que palabras y definen nuestros <strong>valores<\/strong> .[\/vc_column_text][\/vc_column_inner][vc_column_inner width=\u00bb1\/2&#8243;][vc_column_text]<strong>Estamos especializados en:<\/strong><\/p>\n<p><strong>Construcci\u00f3n \/\/ Edificaci\u00f3n;<\/strong> grandes constructoras e ingenier\u00edas conf\u00edan en nosotros por nuestra eficacia y capacidad para coordinar grandes equipos.<\/p>\n<p><strong>Oficinas \/\/ Comercios;<\/strong> soluciones para adecuaciones, distribuciones, replanteamientos y\/o rehabilitaci\u00f3n de espacios de trabajo, o puntos de venta.<\/p>\n<p><strong>Interioristas \/\/ Particulares;<\/strong> soluciones para la ejecuci\u00f3n de reformas, rehabilitaciones y\/o insonorizaciones de viviendas, negocios o locales comerciales.[\/vc_column_text][\/vc_column_inner][\/vc_row_inner][\/vc_column][\/vc_row][vc_row row_content_width=\u00bbgrid\u00bb row_btt_skin=\u00bblight\u00bb row_background_text_position=\u00bbfront\u00bb][vc_column][vc_empty_space height=\u00bb48px\u00bb][vc_column_text]<\/p>\n<h5 style=\"text-align: center;\">Almac\u00e9n de 550 m2 situado a pie de autov\u00eda A2 (Lleida &#8211; Barcelona), con stock permanente de material constructivo,<br \/>\nel cual agiliza y simplifica la obra en la ejecuci\u00f3n de los plazos establecidos.<\/h5>\n<p>[\/vc_column_text][\/vc_column][\/vc_row][vc_row row_content_width=\u00bbgrid\u00bb row_btt_skin=\u00bblight\u00bb row_background_text_position=\u00bbfront\u00bb css=\u00bb.vc_custom_1556098718059{padding-top: 130px !important;padding-bottom: 130px !important;}\u00bb][vc_column offset=\u00bbvc_col-lg-offset-0 vc_col-lg-12 vc_col-md-offset-0 vc_col-md-12 vc_col-sm-offset-0&#8243;]<div class=\"mkdf-elements-holder   mkdf-two-columns  mkdf-responsive-mode-1024 \" ><div class=\"mkdf-eh-item    \"  data-item-class=\"mkdf-eh-custom-3470\" data-1025-1366=\"0 0 0 0\" data-769-1024=\"0px 0px 64px 0px\" data-681-768=\"0px 0px 64px 0px\" data-680=\"0px 0px 64px 0px\">\n\t<div class=\"mkdf-eh-item-inner\">\n\t\t<div class=\"mkdf-eh-item-content mkdf-eh-custom-3470\" style=\"padding: 0px 0px 0 0px\">\n\t\t\t<div class=\"mkdf-single-image-holder   \">\n    <div class=\"mkdf-si-inner\" >\n                                    <img loading=\"lazy\" decoding=\"async\" width=\"800\" height=\"533\" src=\"https:\/\/www.gestiplac.cat\/wp-content\/uploads\/2022\/12\/gestiplac-quisom.jpg\" class=\"attachment-full size-full\" alt=\"Gestiplac\" srcset=\"https:\/\/www.gestiplac.cat\/wp-content\/uploads\/2022\/12\/gestiplac-quisom.jpg 800w, https:\/\/www.gestiplac.cat\/wp-content\/uploads\/2022\/12\/gestiplac-quisom-300x200.jpg 300w, https:\/\/www.gestiplac.cat\/wp-content\/uploads\/2022\/12\/gestiplac-quisom-768x512.jpg 768w\" sizes=\"auto, (max-width: 800px) 100vw, 800px\" \/>                        <\/div>\n<\/div>\t\t<\/div>\n\t<\/div>\n<\/div><div class=\"mkdf-eh-item    \"  data-item-class=\"mkdf-eh-custom-4624\" data-1025-1366=\"0 0 0 0\" data-769-1024=\"0px 0px 64px 0px\" data-681-768=\"0px 0px 64px 0px\" data-680=\"0px 0px 64px 0px\">\n\t<div class=\"mkdf-eh-item-inner\">\n\t\t<div class=\"mkdf-eh-item-content mkdf-eh-custom-4624\" style=\"padding: 0px 0px 0 0px\">\n\t\t\t<div class=\"mkdf-single-image-holder   \">\n    <div class=\"mkdf-si-inner\" >\n                                    <img loading=\"lazy\" decoding=\"async\" width=\"800\" height=\"533\" src=\"https:\/\/www.gestiplac.cat\/wp-content\/uploads\/2022\/12\/gestiplac-quisom-2.jpg\" class=\"attachment-full size-full\" alt=\"\" srcset=\"https:\/\/www.gestiplac.cat\/wp-content\/uploads\/2022\/12\/gestiplac-quisom-2.jpg 800w, https:\/\/www.gestiplac.cat\/wp-content\/uploads\/2022\/12\/gestiplac-quisom-2-300x200.jpg 300w, https:\/\/www.gestiplac.cat\/wp-content\/uploads\/2022\/12\/gestiplac-quisom-2-768x512.jpg 768w\" sizes=\"auto, (max-width: 800px) 100vw, 800px\" \/>                        <\/div>\n<\/div>\t\t<\/div>\n\t<\/div>\n<\/div><\/div>[\/vc_column][\/vc_row][vc_row row_content_width=\u00bbgrid\u00bb row_btt_skin=\u00bblight\u00bb row_background_text_position=\u00bbfront\u00bb][vc_column]<div class=\"mkdf-elements-holder   mkdf-three-columns  mkdf-responsive-mode-1024 \" ><div class=\"mkdf-eh-item    \"  data-item-class=\"mkdf-eh-custom-9431\">\n\t<div class=\"mkdf-eh-item-inner\">\n\t\t<div class=\"mkdf-eh-item-content mkdf-eh-custom-9431\" style=\"padding: 0 44px 0 76px\">\n\t\t\t<div class=\"mkdf-iwt clearfix  mkdf-iwt-icon-top  mkdf-iwt-icon-medium\" >\n\t<div class=\"mkdf-iwt-icon\">\n\t\t\t\t\t\t\t\t\t<img loading=\"lazy\" decoding=\"async\" width=\"62\" height=\"64\" src=\"https:\/\/www.gestiplac.cat\/wp-content\/uploads\/2022\/12\/check.jpg\" class=\"attachment-full size-full\" alt=\"\" \/>                \t\t\t<\/div>\n\t<div class=\"mkdf-iwt-content\" >\n        \t\t\t\t\t<h4 class=\"mkdf-iwt-title\" >\n\t\t\t\t\t\t\t\t<span class=\"mkdf-iwt-title-text\">Asesoramiento<\/span>\n\t\t\t\t\t\t\t<\/h4>\n\t\t\t\t\t\t\t<p class=\"mkdf-iwt-text\" >Equipo t\u00e9cnico altamente calificado para asesorarte en la planificaci\u00f3n y ejecuci\u00f3n de tu proyecto.<\/p>\n\t\t\t<\/div>\n<\/div>\t\t<\/div>\n\t<\/div>\n<\/div><div class=\"mkdf-eh-item    \"  data-item-class=\"mkdf-eh-custom-3905\">\n\t<div class=\"mkdf-eh-item-inner\">\n\t\t<div class=\"mkdf-eh-item-content mkdf-eh-custom-3905\" style=\"padding: 0 44px 0 76px\">\n\t\t\t<div class=\"mkdf-iwt clearfix  mkdf-iwt-icon-top  mkdf-iwt-icon-medium\" >\n\t<div class=\"mkdf-iwt-icon\">\n\t\t\t\t\t\t\t\t\t<img loading=\"lazy\" decoding=\"async\" width=\"62\" height=\"64\" src=\"https:\/\/www.gestiplac.cat\/wp-content\/uploads\/2022\/12\/check.jpg\" class=\"attachment-full size-full\" alt=\"\" \/>                \t\t\t<\/div>\n\t<div class=\"mkdf-iwt-content\" >\n        \t\t\t\t\t<h4 class=\"mkdf-iwt-title\" >\n\t\t\t\t\t\t\t\t<span class=\"mkdf-iwt-title-text\">Calidad<\/span>\n\t\t\t\t\t\t\t<\/h4>\n\t\t\t\t\t\t\t<p class=\"mkdf-iwt-text\" >Trabajamos con materiales de primeras marcas, para la calidad y durabilidad de la obra.<\/p>\n\t\t\t<\/div>\n<\/div>\t\t<\/div>\n\t<\/div>\n<\/div><div class=\"mkdf-eh-item    \"  data-item-class=\"mkdf-eh-custom-6798\">\n\t<div class=\"mkdf-eh-item-inner\">\n\t\t<div class=\"mkdf-eh-item-content mkdf-eh-custom-6798\" style=\"padding: 0 44px 0 76px\">\n\t\t\t<div class=\"mkdf-iwt clearfix  mkdf-iwt-icon-top  mkdf-iwt-icon-medium\" >\n\t<div class=\"mkdf-iwt-icon\">\n\t\t\t\t\t\t\t\t\t<img loading=\"lazy\" decoding=\"async\" width=\"62\" height=\"64\" src=\"https:\/\/www.gestiplac.cat\/wp-content\/uploads\/2022\/12\/check.jpg\" class=\"attachment-full size-full\" alt=\"\" \/>                \t\t\t<\/div>\n\t<div class=\"mkdf-iwt-content\" >\n        \t\t\t\t\t<h4 class=\"mkdf-iwt-title\" >\n\t\t\t\t\t\t\t\t<span class=\"mkdf-iwt-title-text\">Experiencia<\/span>\n\t\t\t\t\t\t\t<\/h4>\n\t\t\t\t\t\t\t<p class=\"mkdf-iwt-text\" >M\u00e1s de 30 a\u00f1os de experiencia en el sector, a favor de la construcci\u00f3n, y para resolver posibles incidencias constructivas.<\/p>\n\t\t\t<\/div>\n<\/div>\t\t<\/div>\n\t<\/div>\n<\/div><\/div>[\/vc_column][\/vc_row][vc_row row_btt_skin=\u00bblight\u00bb row_background_text_position=\u00bbfront\u00bb][vc_column][vc_row_inner row_content_width=\u00bbgrid\u00bb][vc_column_inner][\/vc_column_inner][\/vc_row_inner][\/vc_column][\/vc_row][vc_row content_placement=\u00bbmiddle\u00bb row_content_width=\u00bbgrid\u00bb row_btt_skin=\u00bblight\u00bb content_text_aligment=\u00bbcenter\u00bb row_background_text_position=\u00bbfront\u00bb][vc_column][vc_empty_space height=\u00bb125px\u00bb][vc_column_text]<\/p>\n<p style=\"text-align: center;\">Miembros:<\/p>\n<p><a href=\"https:\/\/www.adip-as.com\/porfolio\/gestiplac-gestio-obres-slu\/\"><img loading=\"lazy\" decoding=\"async\" class=\"size-medium wp-image-10471 aligncenter\" src=\"https:\/\/gestiplac.cat\/wp-content\/uploads\/2022\/12\/logo-adip-p-300x108.jpg\" alt=\"Logo Ad'ip\" width=\"300\" height=\"108\" srcset=\"https:\/\/www.gestiplac.cat\/wp-content\/uploads\/2022\/12\/logo-adip-p-300x108.jpg 300w, https:\/\/www.gestiplac.cat\/wp-content\/uploads\/2022\/12\/logo-adip-p.jpg 421w\" sizes=\"auto, (max-width: 300px) 100vw, 300px\" \/><\/a><\/p>\n<p style=\"text-align: center;\">Asociaci\u00f3n de instaladores de sistemas de construcci\u00f3n seca, falsos techos, aislamientos y revestimientos.<\/p>\n<p>[\/vc_column_text][vc_empty_space height=\u00bb125px\u00bb][\/vc_column][\/vc_row]<\/p>\n<\/div>","protected":false},"excerpt":{"rendered":"<p>[vc_row row_content_width=\u00bbgrid\u00bb row_btt_skin=\u00bblight\u00bb row_background_text_position=\u00bbfront\u00bb][vc_column][vc_empty_space height=\u00bb125px\u00bb][vc_column_text] Gestiplac Empresa especializada en sistemas de construcci\u00f3n seca a base de yeso laminado, instalaci\u00f3n de cielos rasos, aislamientos t\u00e9rmicos, ac\u00fasticos y soluciones de protecci\u00f3n pasiva contra el fuego. .[\/vc_column_text][vc_empty_space height=\u00bb24px\u00bb][vc_row_inner][vc_column_inner width=\u00bb1\/2&#8243;][vc_column_text]Creada el 2014, estemos capacitados [&hellip;]<\/p>\n","protected":false},"author":1,"featured_media":0,"parent":0,"menu_order":0,"comment_status":"closed","ping_status":"closed","template":"","meta":{"footnotes":""},"class_list":["post-11626","page","type-page","status-publish","hentry"],"yoast_head":"<!-- This site is optimized with the Yoast SEO plugin v27.2 - https:\/\/yoast.com\/product\/yoast-seo-wordpress\/ -->\n<title>Qui\u00e9nes somos? - Gestiplac.cat | Gesti\u00f3 d&#039;obres<\/title>\n<meta name=\"description\" content=\"Empresa especializada en sistemas de construcci\u00f3n seca a base de yeso laminado, instalaci\u00f3n de cielos rasos, aislamientos t\u00e9rmicos, ac\u00fasticos y soluciones de protecci\u00f3n pasiva contra el fuego.\" \/>\n<meta name=\"robots\" content=\"index, follow, max-snippet:-1, max-image-preview:large, max-video-preview:-1\" \/>\n<link rel=\"canonical\" href=\"https:\/\/www.gestiplac.cat\/es\/quienes-somos-gestiplac\/\" \/>\n<meta property=\"og:locale\" content=\"es_ES\" \/>\n<meta property=\"og:type\" content=\"article\" \/>\n<meta property=\"og:title\" content=\"Qui\u00e9nes somos? - Gestiplac.cat | Gesti\u00f3 d&#039;obres\" \/>\n<meta property=\"og:description\" content=\"Empresa especializada en sistemas de construcci\u00f3n seca a base de yeso laminado, instalaci\u00f3n de cielos rasos, aislamientos t\u00e9rmicos, ac\u00fasticos y soluciones de protecci\u00f3n pasiva contra el fuego.\" \/>\n<meta property=\"og:url\" content=\"https:\/\/www.gestiplac.cat\/es\/quienes-somos-gestiplac\/\" \/>\n<meta property=\"og:site_name\" content=\"Gestiplac.cat | Gesti\u00f3 d&#039;obres\" \/>\n<meta property=\"article:modified_time\" content=\"2023-03-27T10:05:07+00:00\" \/>\n<meta property=\"og:image\" content=\"https:\/\/gestiplac.cat\/wp-content\/uploads\/2022\/12\/logo-adip-p-300x108.jpg\" \/>\n<meta name=\"twitter:card\" content=\"summary_large_image\" \/>\n<meta name=\"twitter:label1\" content=\"Tiempo de lectura\" \/>\n\t<meta name=\"twitter:data1\" content=\"2 minutos\" \/>\n<script type=\"application\/ld+json\" class=\"yoast-schema-graph\">{\"@context\":\"https:\/\/schema.org\",\"@graph\":[{\"@type\":\"WebPage\",\"@id\":\"https:\/\/www.gestiplac.cat\/es\/quienes-somos-gestiplac\/\",\"url\":\"https:\/\/www.gestiplac.cat\/es\/quienes-somos-gestiplac\/\",\"name\":\"Qui\u00e9nes somos? - Gestiplac.cat | Gesti\u00f3 d&#039;obres\",\"isPartOf\":{\"@id\":\"https:\/\/www.gestiplac.cat\/#website\"},\"primaryImageOfPage\":{\"@id\":\"https:\/\/www.gestiplac.cat\/es\/quienes-somos-gestiplac\/#primaryimage\"},\"image\":{\"@id\":\"https:\/\/www.gestiplac.cat\/es\/quienes-somos-gestiplac\/#primaryimage\"},\"thumbnailUrl\":\"https:\/\/gestiplac.cat\/wp-content\/uploads\/2022\/12\/logo-adip-p-300x108.jpg\",\"datePublished\":\"2018-12-17T11:08:02+00:00\",\"dateModified\":\"2023-03-27T10:05:07+00:00\",\"description\":\"Empresa especializada en sistemas de construcci\u00f3n seca a base de yeso laminado, instalaci\u00f3n de cielos rasos, aislamientos t\u00e9rmicos, ac\u00fasticos y soluciones de protecci\u00f3n pasiva contra el fuego.\",\"breadcrumb\":{\"@id\":\"https:\/\/www.gestiplac.cat\/es\/quienes-somos-gestiplac\/#breadcrumb\"},\"inLanguage\":\"es\",\"potentialAction\":[{\"@type\":\"ReadAction\",\"target\":[\"https:\/\/www.gestiplac.cat\/es\/quienes-somos-gestiplac\/\"]}]},{\"@type\":\"ImageObject\",\"inLanguage\":\"es\",\"@id\":\"https:\/\/www.gestiplac.cat\/es\/quienes-somos-gestiplac\/#primaryimage\",\"url\":\"https:\/\/gestiplac.cat\/wp-content\/uploads\/2022\/12\/logo-adip-p-300x108.jpg\",\"contentUrl\":\"https:\/\/gestiplac.cat\/wp-content\/uploads\/2022\/12\/logo-adip-p-300x108.jpg\"},{\"@type\":\"BreadcrumbList\",\"@id\":\"https:\/\/www.gestiplac.cat\/es\/quienes-somos-gestiplac\/#breadcrumb\",\"itemListElement\":[{\"@type\":\"ListItem\",\"position\":1,\"name\":\"Inici\",\"item\":\"https:\/\/www.gestiplac.cat\/es\/\"},{\"@type\":\"ListItem\",\"position\":2,\"name\":\"Qui\u00e9nes somos?\"}]},{\"@type\":\"WebSite\",\"@id\":\"https:\/\/www.gestiplac.cat\/#website\",\"url\":\"https:\/\/www.gestiplac.cat\/\",\"name\":\"Gestiplac.cat | Gesti\u00f3 d&#039;obres\",\"description\":\"\",\"publisher\":{\"@id\":\"https:\/\/www.gestiplac.cat\/#organization\"},\"potentialAction\":[{\"@type\":\"SearchAction\",\"target\":{\"@type\":\"EntryPoint\",\"urlTemplate\":\"https:\/\/www.gestiplac.cat\/?s={search_term_string}\"},\"query-input\":{\"@type\":\"PropertyValueSpecification\",\"valueRequired\":true,\"valueName\":\"search_term_string\"}}],\"inLanguage\":\"es\"},{\"@type\":\"Organization\",\"@id\":\"https:\/\/www.gestiplac.cat\/#organization\",\"name\":\"Gestiplac\",\"url\":\"https:\/\/www.gestiplac.cat\/\",\"logo\":{\"@type\":\"ImageObject\",\"inLanguage\":\"es\",\"@id\":\"https:\/\/www.gestiplac.cat\/#\/schema\/logo\/image\/\",\"url\":\"https:\/\/gestiplac.cat\/wp-content\/uploads\/2022\/06\/logo-gestiplac-3.jpg\",\"contentUrl\":\"https:\/\/gestiplac.cat\/wp-content\/uploads\/2022\/06\/logo-gestiplac-3.jpg\",\"width\":553,\"height\":140,\"caption\":\"Gestiplac\"},\"image\":{\"@id\":\"https:\/\/www.gestiplac.cat\/#\/schema\/logo\/image\/\"}}]}<\/script>\n<!-- \/ Yoast SEO plugin. -->","yoast_head_json":{"title":"Qui\u00e9nes somos? - Gestiplac.cat | Gesti\u00f3 d&#039;obres","description":"Empresa especializada en sistemas de construcci\u00f3n seca a base de yeso laminado, instalaci\u00f3n de cielos rasos, aislamientos t\u00e9rmicos, ac\u00fasticos y soluciones de protecci\u00f3n pasiva contra el fuego.","robots":{"index":"index","follow":"follow","max-snippet":"max-snippet:-1","max-image-preview":"max-image-preview:large","max-video-preview":"max-video-preview:-1"},"canonical":"https:\/\/www.gestiplac.cat\/es\/quienes-somos-gestiplac\/","og_locale":"es_ES","og_type":"article","og_title":"Qui\u00e9nes somos? - Gestiplac.cat | Gesti\u00f3 d&#039;obres","og_description":"Empresa especializada en sistemas de construcci\u00f3n seca a base de yeso laminado, instalaci\u00f3n de cielos rasos, aislamientos t\u00e9rmicos, ac\u00fasticos y soluciones de protecci\u00f3n pasiva contra el fuego.","og_url":"https:\/\/www.gestiplac.cat\/es\/quienes-somos-gestiplac\/","og_site_name":"Gestiplac.cat | Gesti\u00f3 d&#039;obres","article_modified_time":"2023-03-27T10:05:07+00:00","og_image":[{"url":"https:\/\/gestiplac.cat\/wp-content\/uploads\/2022\/12\/logo-adip-p-300x108.jpg","type":"","width":"","height":""}],"twitter_card":"summary_large_image","twitter_misc":{"Tiempo de lectura":"2 minutos"},"schema":{"@context":"https:\/\/schema.org","@graph":[{"@type":"WebPage","@id":"https:\/\/www.gestiplac.cat\/es\/quienes-somos-gestiplac\/","url":"https:\/\/www.gestiplac.cat\/es\/quienes-somos-gestiplac\/","name":"Qui\u00e9nes somos? - Gestiplac.cat | Gesti\u00f3 d&#039;obres","isPartOf":{"@id":"https:\/\/www.gestiplac.cat\/#website"},"primaryImageOfPage":{"@id":"https:\/\/www.gestiplac.cat\/es\/quienes-somos-gestiplac\/#primaryimage"},"image":{"@id":"https:\/\/www.gestiplac.cat\/es\/quienes-somos-gestiplac\/#primaryimage"},"thumbnailUrl":"https:\/\/gestiplac.cat\/wp-content\/uploads\/2022\/12\/logo-adip-p-300x108.jpg","datePublished":"2018-12-17T11:08:02+00:00","dateModified":"2023-03-27T10:05:07+00:00","description":"Empresa especializada en sistemas de construcci\u00f3n seca a base de yeso laminado, instalaci\u00f3n de cielos rasos, aislamientos t\u00e9rmicos, ac\u00fasticos y soluciones de protecci\u00f3n pasiva contra el fuego.","breadcrumb":{"@id":"https:\/\/www.gestiplac.cat\/es\/quienes-somos-gestiplac\/#breadcrumb"},"inLanguage":"es","potentialAction":[{"@type":"ReadAction","target":["https:\/\/www.gestiplac.cat\/es\/quienes-somos-gestiplac\/"]}]},{"@type":"ImageObject","inLanguage":"es","@id":"https:\/\/www.gestiplac.cat\/es\/quienes-somos-gestiplac\/#primaryimage","url":"https:\/\/gestiplac.cat\/wp-content\/uploads\/2022\/12\/logo-adip-p-300x108.jpg","contentUrl":"https:\/\/gestiplac.cat\/wp-content\/uploads\/2022\/12\/logo-adip-p-300x108.jpg"},{"@type":"BreadcrumbList","@id":"https:\/\/www.gestiplac.cat\/es\/quienes-somos-gestiplac\/#breadcrumb","itemListElement":[{"@type":"ListItem","position":1,"name":"Inici","item":"https:\/\/www.gestiplac.cat\/es\/"},{"@type":"ListItem","position":2,"name":"Qui\u00e9nes somos?"}]},{"@type":"WebSite","@id":"https:\/\/www.gestiplac.cat\/#website","url":"https:\/\/www.gestiplac.cat\/","name":"Gestiplac.cat | Gesti\u00f3 d&#039;obres","description":"","publisher":{"@id":"https:\/\/www.gestiplac.cat\/#organization"},"potentialAction":[{"@type":"SearchAction","target":{"@type":"EntryPoint","urlTemplate":"https:\/\/www.gestiplac.cat\/?s={search_term_string}"},"query-input":{"@type":"PropertyValueSpecification","valueRequired":true,"valueName":"search_term_string"}}],"inLanguage":"es"},{"@type":"Organization","@id":"https:\/\/www.gestiplac.cat\/#organization","name":"Gestiplac","url":"https:\/\/www.gestiplac.cat\/","logo":{"@type":"ImageObject","inLanguage":"es","@id":"https:\/\/www.gestiplac.cat\/#\/schema\/logo\/image\/","url":"https:\/\/gestiplac.cat\/wp-content\/uploads\/2022\/06\/logo-gestiplac-3.jpg","contentUrl":"https:\/\/gestiplac.cat\/wp-content\/uploads\/2022\/06\/logo-gestiplac-3.jpg","width":553,"height":140,"caption":"Gestiplac"},"image":{"@id":"https:\/\/www.gestiplac.cat\/#\/schema\/logo\/image\/"}}]}},"_links":{"self":[{"href":"https:\/\/www.gestiplac.cat\/es\/wp-json\/wp\/v2\/pages\/11626","targetHints":{"allow":["GET"]}}],"collection":[{"href":"https:\/\/www.gestiplac.cat\/es\/wp-json\/wp\/v2\/pages"}],"about":[{"href":"https:\/\/www.gestiplac.cat\/es\/wp-json\/wp\/v2\/types\/page"}],"author":[{"embeddable":true,"href":"https:\/\/www.gestiplac.cat\/es\/wp-json\/wp\/v2\/users\/1"}],"replies":[{"embeddable":true,"href":"https:\/\/www.gestiplac.cat\/es\/wp-json\/wp\/v2\/comments?post=11626"}],"version-history":[{"count":18,"href":"https:\/\/www.gestiplac.cat\/es\/wp-json\/wp\/v2\/pages\/11626\/revisions"}],"predecessor-version":[{"id":11717,"href":"https:\/\/www.gestiplac.cat\/es\/wp-json\/wp\/v2\/pages\/11626\/revisions\/11717"}],"wp:attachment":[{"href":"https:\/\/www.gestiplac.cat\/es\/wp-json\/wp\/v2\/media?parent=11626"}],"curies":[{"name":"wp","href":"https:\/\/api.w.org\/{rel}","templated":true}]}}